{"id":11649,"date":"2023-07-06T23:32:53","date_gmt":"2023-07-07T06:32:53","guid":{"rendered":"https:\/\/inatai.org\/vision-general-sobre-la-subvenciones\/subvenciones-de-aprendizaje-comunitario\/"},"modified":"2026-03-23T10:54:39","modified_gmt":"2026-03-23T17:54:39","slug":"subvenciones-de-poder-comunitario","status":"publish","type":"page","link":"https:\/\/inatai.org\/es\/resumen-de-subvenciones\/subvenciones-de-poder-comunitario\/","title":{"rendered":"Subvenciones de poder comunitario"},"content":{"rendered":"<p>[et_pb_section fb_built=\u00bb1&#8243; admin_label=\u00bbTBVS &#8211; Dark &#8211; Header 21&#8243; module_class=\u00bbtbvs-section-dark\u00bb _builder_version=\u00bb4.22.1&#8243; _module_preset=\u00bbdefault\u00bb background_enable_color=\u00bboff\u00bb background_image=\u00bbhttps:\/\/inatai.org\/wp-content\/uploads\/2023\/06\/Blue_Pattern_Seamless-scaled.jpg\u00bb background_position=\u00bbcenter_right\u00bb custom_padding=\u00bb3%||3%||true|false\u00bb locked=\u00bboff\u00bb global_colors_info=\u00bb{}\u00bb][et_pb_row _builder_version=\u00bb4.21.0&#8243; _module_preset=\u00bbdefault\u00bb width=\u00bb90%\u00bb max_width=\u00bb100%\u00bb custom_padding=\u00bb||||false|false\u00bb animation_style=\u00bbslide\u00bb animation_direction=\u00bbleft\u00bb animation_duration=\u00bb2000ms\u00bb animation_intensity_slide=\u00bb2%\u00bb global_colors_info=\u00bb{}\u00bb][et_pb_column type=\u00bb4_4&#8243; _builder_version=\u00bb4.16&#8243; _module_preset=\u00bbdefault\u00bb global_colors_info=\u00bb{}\u00bb][et_pb_text _builder_version=\u00bb4.21.0&#8243; _module_preset=\u00bbdefault\u00bb background_layout=\u00bbdark\u00bb max_width=\u00bb750px\u00bb custom_margin=\u00bb||5px||false|false\u00bb global_colors_info=\u00bb{}\u00bb]<\/p>\n<h3><span style=\"color: #cee1ce;\">FINANCIACI\u00d3N<\/span> <span style=\"color: #a58036;\">|<\/span> <span style=\"color: #cee1ce;\">RESUMEN DE SUBVENCIONES <\/span> <span style=\"color: #a58036;\">|<\/span> <span style=\"color: #cee1ce;\">Subvenciones de Poder Comunitario<\/span><\/h3>\n<p>[\/et_pb_text][et_pb_text _builder_version=\u00bb4.21.0&#8243; _module_preset=\u00bbdefault\u00bb header_text_color=\u00bb#FFFFFF\u00bb background_layout=\u00bbdark\u00bb max_width=\u00bb900px\u00bb custom_margin=\u00bb||2%||false|false\u00bb custom_padding=\u00bb||||false|false\u00bb global_colors_info=\u00bb{}\u00bb]<\/p>\n<h1>SUBVENCIONES DE PODER COMUNITARIO<\/h1>\n<p>[\/et_pb_text][et_pb_text _builder_version=\u00bb4.21.0&#8243; _module_preset=\u00bbdefault\u00bb text_text_color=\u00bb#FFFFFF\u00bb header_3_font=\u00bbMontserrat|800|||||||\u00bb header_3_text_color=\u00bb#181818&#8243; header_3_font_size=\u00bb20px\u00bb header_4_font=\u00bbPT Serif|700|||||||\u00bb max_width=\u00bb760px\u00bb custom_margin=\u00bb||18px||false|false\u00bb custom_padding=\u00bb||||false|false\u00bb animation_direction=\u00bbleft\u00bb global_colors_info=\u00bb{}\u00bb]<\/p>\n<p>Thank you for your interest in this funding, formerly known as Community Learning Grants. Our focus at this time is on deepening our understanding of and relationships with current grantees and funding renewals for organizations whose grants are expiring. As a result, we are slowing down the pace of support for new organizations and accepting new proposals by invitation only. If you are a current grantee and have questions, please reach out to your program officer.<\/p>\n<p>[\/et_pb_text][et_pb_text _builder_version=\u00bb4.21.0&#8243; _module_preset=\u00bbdefault\u00bb text_text_color=\u00bb#FFFFFF\u00bb header_6_text_color=\u00bb#FFFFFF\u00bb custom_margin=\u00bb||5px||false|false\u00bb custom_padding=\u00bb||||false|false\u00bb locked=\u00bboff\u00bb global_colors_info=\u00bb{}\u00bb]<\/p>\n<h6>Para estar al d\u00eda de nuestras subvenciones:<\/h6>\n<p>[\/et_pb_text][et_pb_button button_url=\u00bb@ET-DC@eyJkeW5hbWljIjp0cnVlLCJjb250ZW50IjoicG9zdF9saW5rX3VybF9wYWdlIiwic2V0dGluZ3MiOnsicG9zdF9pZCI6IjIxMDUifX0=@\u00bb button_text=\u00bbSUSCRIPCI\u00d3N AL BOLET\u00cdN\u00bb button_alignment=\u00bbleft\u00bb button_alignment_tablet=\u00bbleft\u00bb button_alignment_phone=\u00bbleft\u00bb button_alignment_last_edited=\u00bbon|tablet\u00bb _builder_version=\u00bb4.22.1&#8243; _dynamic_attributes=\u00bbbutton_url\u00bb _module_preset=\u00bbdefault\u00bb button_text_color=\u00bb#132027&#8243; button_bg_color=\u00bb#FFFFFF\u00bb button_border_color=\u00bb#FFFFFF\u00bb locked=\u00bboff\u00bb global_colors_info=\u00bb{}\u00bb][\/et_pb_button][\/et_pb_column][\/et_pb_row][\/et_pb_section][et_pb_section fb_built=\u00bb1&#8243; custom_padding_last_edited=\u00bbon|tablet\u00bb admin_label=\u00bbTBVS &#8211; Light &#8211; Content 8&#8243; module_class=\u00bbtbvs-section-light\u00bb _builder_version=\u00bb4.21.0&#8243; _module_preset=\u00bbdefault\u00bb custom_padding=\u00bb5%||2.5%||false|false\u00bb custom_padding_tablet=\u00bb8%||2.5%||false|false\u00bb custom_padding_phone=\u00bb8%||2.5%||false|false\u00bb locked=\u00bboff\u00bb global_colors_info=\u00bb{}\u00bb][et_pb_row _builder_version=\u00bb4.21.0&#8243; _module_preset=\u00bbdefault\u00bb width=\u00bb90%\u00bb max_width=\u00bb100%\u00bb custom_margin=\u00bb||||false|false\u00bb custom_padding=\u00bb0px||0px||false|false\u00bb global_colors_info=\u00bb{}\u00bb][et_pb_column type=\u00bb4_4&#8243; _builder_version=\u00bb4.21.0&#8243; _module_preset=\u00bbdefault\u00bb custom_padding=\u00bb0px||0px||false|false\u00bb custom_padding_tablet=\u00bb||30px||false|false\u00bb custom_padding_phone=\u00bb\u00bb custom_padding_last_edited=\u00bbon|tablet\u00bb global_colors_info=\u00bb{}\u00bb][et_pb_image src=\u00bbhttps:\/\/inatai.org\/wp-content\/uploads\/2023\/08\/Juneteenth_CentralDistrictSeattle_courtesy_of_Africatown_Community_Land_Trust.jpg\u00bb alt=\u00bbA group of mostly Black community members in Seattle\u2019s Central District cheering and holding up signs in support during a Juneteenth march.\u00bb title_text=\u00bbJuneteenth_CentralDistrictSeattle_courtesy_of_Africatown_Community_Land_Trust\u00bb _builder_version=\u00bb4.22.1&#8243; _module_preset=\u00bbdefault\u00bb custom_margin=\u00bb||||false|false\u00bb custom_padding=\u00bb||||false|false\u00bb global_colors_info=\u00bb{}\u00bb][\/et_pb_image][\/et_pb_column][\/et_pb_row][et_pb_row column_structure=\u00bb2_3,1_3&#8243; custom_padding_last_edited=\u00bbon|phone\u00bb _builder_version=\u00bb4.21.0&#8243; _module_preset=\u00bbdefault\u00bb background_enable_color=\u00bboff\u00bb use_background_color_gradient=\u00bbon\u00bb background_color_gradient_stops=\u00bbrgba(10,10,10,0.44) 0%|rgba(10,10,10,0.5) 100%\u00bb background_color_gradient_overlays_image=\u00bbon\u00bb background_image=\u00bbhttps:\/\/inatai.org\/wp-content\/uploads\/2023\/07\/SilverTexture_Huge.jpg\u00bb width=\u00bb90%\u00bb max_width=\u00bb100%\u00bb custom_padding=\u00bb3%|5%|3%|5%|true|true\u00bb custom_padding_tablet=\u00bb3%|5%|3%|5%|true|true\u00bb custom_padding_phone=\u00bb7%|5%|7%|5%|true|true\u00bb locked=\u00bboff\u00bb global_colors_info=\u00bb{}\u00bb][et_pb_column type=\u00bb2_3&#8243; _builder_version=\u00bb4.16&#8243; _module_preset=\u00bbdefault\u00bb global_colors_info=\u00bb{}\u00bb][et_pb_text _builder_version=\u00bb4.21.0&#8243; _module_preset=\u00bbdefault\u00bb header_2_font=\u00bbSofia Sans Condensed|700||on|||||\u00bb header_2_text_color=\u00bb#FFFFFF\u00bb header_2_font_size=\u00bb76px\u00bb custom_margin=\u00bb||1%||false|false\u00bb global_colors_info=\u00bb{}\u00bb]<\/p>\n<h2>Prioridades de financiaci\u00f3n<\/h2>\n<p>[\/et_pb_text][et_pb_text _builder_version=\u00bb4.22.1&#8243; _module_preset=\u00bbdefault\u00bb text_text_color=\u00bb#FFFFFF\u00bb global_colors_info=\u00bb{}\u00bb]<\/p>\n<p><span data-contrast=\"auto\" xml:lang=\"EN-US\" lang=\"EN-US\" class=\"TextRun SCXW154771080 BCX0\"><span class=\"NormalTextRun SpellingErrorV2Themed SCXW154771080 BCX0\">Inatai <\/span><span class=\"NormalTextRun SCXW154771080 BCX0\">Foundation tiene el deseo de apoyar a los l\u00edderes y organizaciones de todo Washington que se centran en el poder de la comunidad, la equidad y la justicia racial<\/span><span class=\"NormalTextRun SCXW154771080 BCX0\">. Contin\u00faa leyendo para conocer el tipo de organizaciones <\/span><span class=\"NormalTextRun SCXW154771080 BCX0\"> que nos<\/span><span class=\"NormalTextRun SCXW154771080 BCX0\">gustar\u00eda apoyar<\/span><span class=\"NormalTextRun SCXW154771080 BCX0\">.<\/span><\/span><\/p>\n<p>[\/et_pb_text][\/et_pb_column][et_pb_column type=\u00bb1_3&#8243; _builder_version=\u00bb4.16&#8243; _module_preset=\u00bbdefault\u00bb global_colors_info=\u00bb{}\u00bb][et_pb_text _builder_version=\u00bb4.22.1&#8243; _module_preset=\u00bbdefault\u00bb text_text_color=\u00bb#FFFFFF\u00bb custom_margin=\u00bb||4%||false|false\u00bb global_colors_info=\u00bb{}\u00bb]<\/p>\n<p><span data-contrast=\"auto\" lang=\"EN-US\" class=\"TextRun SCXW15473953 BCX0\"><span class=\"NormalTextRun SCXW15473953 BCX0\">Ve a las siguientes secciones<\/span><\/span>:<\/p>\n<p>[\/et_pb_text][et_pb_divider color=\u00bb#CEE1CE\u00bb divider_weight=\u00bb2px\u00bb _builder_version=\u00bb4.21.0&#8243; _module_preset=\u00bbdefault\u00bb custom_margin=\u00bb||4%||false|false\u00bb custom_padding=\u00bb||||false|false\u00bb locked=\u00bboff\u00bb global_colors_info=\u00bb{}\u00bb][\/et_pb_divider][et_pb_text _builder_version=\u00bb4.22.1&#8243; _module_preset=\u00bbdefault\u00bb link_font=\u00bb|800|||on||||\u00bb link_text_color=\u00bb#FFFFFF\u00bb link_font_size=\u00bb19px\u00bb custom_margin=\u00bb||10px||false|false\u00bb custom_padding=\u00bb||||false|false\u00bb link_option_url=\u00bb#who\u00bb global_colors_info=\u00bb{}\u00bb link_text_color__hover_enabled=\u00bbon|desktop\u00bb link_text_color__hover=\u00bb#A58036&#8243;]<\/p>\n<h4><a href=\"#grantmaking\">COMPROMISO DE ACCESIBILIDAD <\/a><\/h4>\n<p>[\/et_pb_text][et_pb_text _builder_version=\u00bb4.22.1&#8243; _module_preset=\u00bbdefault\u00bb link_font=\u00bb|800|||on||||\u00bb link_text_color=\u00bb#FFFFFF\u00bb link_font_size=\u00bb19px\u00bb custom_margin=\u00bb||10px||false|false\u00bb custom_padding=\u00bb||||false|false\u00bb link_option_url=\u00bb#who\u00bb global_colors_info=\u00bb{}\u00bb link_text_color__hover=\u00bb#A58036&#8243; link_text_color__hover_enabled=\u00bbon|desktop\u00bb]<\/p>\n<h4><a href=\"#organizations\">Organizaciones a las que apoyamos<\/a><\/h4>\n<p>[\/et_pb_text][et_pb_text _builder_version=\u00bb4.22.1&#8243; _module_preset=\u00bbdefault\u00bb link_font=\u00bb|800|||on||||\u00bb link_text_color=\u00bb#FFFFFF\u00bb link_font_size=\u00bb19px\u00bb custom_margin=\u00bb||-5px||false|false\u00bb custom_padding=\u00bb||||false|false\u00bb link_option_url=\u00bb#who\u00bb global_colors_info=\u00bb{}\u00bb link_text_color__hover=\u00bb#A58036&#8243; link_text_color__hover_enabled=\u00bbon|desktop\u00bb]<\/p>\n<h4><a href=\"#frequently\">PREGUNTAS FRECUENTES<\/a><\/h4>\n<p>[\/et_pb_text][\/et_pb_column][\/et_pb_row][\/et_pb_section][et_pb_section fb_built=\u00bb1&#8243; custom_padding_last_edited=\u00bbon|tablet\u00bb admin_label=\u00bbTBVS &#8211; Light &#8211; Header 5&#8243; module_class=\u00bbtbvs-section-light\u00bb _builder_version=\u00bb4.21.0&#8243; _module_preset=\u00bbdefault\u00bb background_color=\u00bb#FFFFFF\u00bb custom_padding=\u00bb0px||0px||false|false\u00bb custom_padding_tablet=\u00bb4%||4%||false|false\u00bb custom_padding_phone=\u00bb9%||4%||false|false\u00bb custom_css_main_element=\u00bbdisplay: flex;||flex-direction: column;||justify-content: center;\u00bb locked=\u00bboff\u00bb global_colors_info=\u00bb{}\u00bb][et_pb_row column_structure=\u00bb1_2,1_2&#8243; use_custom_gutter=\u00bbon\u00bb make_equal=\u00bbon\u00bb module_id=\u00bboverlooked\u00bb _builder_version=\u00bb4.21.2&#8243; _module_preset=\u00bbdefault\u00bb width=\u00bb90%\u00bb width_tablet=\u00bb90%\u00bb width_phone=\u00bb90%\u00bb width_last_edited=\u00bbon|tablet\u00bb max_width=\u00bb100%\u00bb custom_margin=\u00bb0px||0px||true|false\u00bb custom_padding=\u00bb2.5%||2.5%||false|false\u00bb animation_style=\u00bbfade\u00bb animation_duration=\u00bb2000ms\u00bb locked=\u00bboff\u00bb global_colors_info=\u00bb{}\u00bb][et_pb_column type=\u00bb1_2&#8243; _builder_version=\u00bb4.21.2&#8243; _module_preset=\u00bbdefault\u00bb background_enable_color=\u00bboff\u00bb background_enable_image=\u00bboff\u00bb custom_padding=\u00bb||||true|false\u00bb animation_style=\u00bbfade\u00bb animation_duration=\u00bb2000ms\u00bb global_colors_info=\u00bb{}\u00bb][et_pb_image src=\u00bbhttps:\/\/inatai.org\/wp-content\/uploads\/2023\/08\/Courtesy_Of_WA_Bloc.jpg\u00bb alt=\u00bbA multiracial group of young people demonstrating and holding signs that read \u201cWe need justice\u201d and \u201cProtect children not guns.\u201d\u00bb title_text=\u00bbCourtesy_Of_WA_Bloc\u00bb _builder_version=\u00bb4.22.1&#8243; _module_preset=\u00bbdefault\u00bb custom_margin=\u00bb||29px|||\u00bb global_colors_info=\u00bb{}\u00bb][\/et_pb_image][et_pb_text _builder_version=\u00bb4.22.1&#8243; _module_preset=\u00bbdefault\u00bb locked=\u00bboff\u00bb global_colors_info=\u00bb{}\u00bb]<\/p>\n<p style=\"text-align: right;\"><em>Foto cortes\u00eda de WA-BLOC.<\/em><\/p>\n<p>[\/et_pb_text][\/et_pb_column][et_pb_column type=\u00bb1_2&#8243; _builder_version=\u00bb4.21.2&#8243; _module_preset=\u00bbdefault\u00bb custom_padding=\u00bb|||3%|true|false\u00bb custom_padding_tablet=\u00bb7%||7%|3%|true|false\u00bb custom_padding_phone=\u00bb|||5%|true|false\u00bb custom_padding_last_edited=\u00bbon|phone\u00bb animation_style=\u00bbslide\u00bb animation_direction=\u00bbright\u00bb animation_duration=\u00bb2000ms\u00bb animation_intensity_slide=\u00bb2%\u00bb border_width_left=\u00bb2px\u00bb border_color_left=\u00bb#A58036&#8243; global_colors_info=\u00bb{}\u00bb][et_pb_text _builder_version=\u00bb4.21.0&#8243; _module_preset=\u00bbdefault\u00bb text_orientation=\u00bbcenter\u00bb custom_margin=\u00bb||11px|||\u00bb global_colors_info=\u00bb{}\u00bb]<\/p>\n<h2 style=\"text-align: left;\">LOS GRUPOS QUE HAN TENIDO UN ACCESO LIMITADO A LA FILANTROP\u00cdA<\/h2>\n<p>[\/et_pb_text][et_pb_text _builder_version=\u00bb4.21.0&#8243; _module_preset=\u00bbdefault\u00bb header_3_font=\u00bbMontserrat|800|||||||\u00bb header_3_text_color=\u00bb#181818&#8243; header_3_font_size=\u00bb20px\u00bb header_4_font=\u00bbPT Serif|700|||||||\u00bb custom_margin=\u00bb||30px||false|false\u00bb custom_margin_tablet=\u00bb||32px||false|false\u00bb custom_margin_phone=\u00bb||22px||false|false\u00bb custom_margin_last_edited=\u00bbon|phone\u00bb custom_padding=\u00bb||||false|false\u00bb locked=\u00bboff\u00bb global_colors_info=\u00bb{}\u00bb]<\/p>\n<p style=\"text-align: left;\">Nuestro inter\u00e9s se centra en las organizaciones arraigadas en comunidades racialmente diversas y que construyen poder en ellas, y que han recibido poca o ninguna inversi\u00f3n de parte de la filantrop\u00eda. Esto incluye organizaciones que trabajan con y entre comunidades de raza negra, ind\u00edgena, de color y la comunidad LGBTQIA+, (entre muchas otras identidades), organizaciones y l\u00edderes que trabajan m\u00e1s all\u00e1 de las grandes ciudades y las principales \u00e1reas metropolitanas que m\u00e1s se benefician de los fondos filantr\u00f3picos y gubernamentales, y cuyo trabajo incluye la participaci\u00f3n c\u00edvica y electoral, la organizaci\u00f3n comunitaria, la abogac\u00eda, la acci\u00f3n pol\u00edtica y la reivindicaci\u00f3n cultural.<\/p>\n<p>[\/et_pb_text][\/et_pb_column][\/et_pb_row][et_pb_row column_structure=\u00bb1_2,1_2&#8243; use_custom_gutter=\u00bbon\u00bb make_equal=\u00bbon\u00bb custom_padding_last_edited=\u00bbon|phone\u00bb module_id=\u00bbreflecting\u00bb module_class=\u00bbtwo-col-reverse\u00bb _builder_version=\u00bb4.21.2&#8243; _module_preset=\u00bbdefault\u00bb width=\u00bb90%\u00bb width_tablet=\u00bb90%\u00bb width_phone=\u00bb90%\u00bb width_last_edited=\u00bbon|tablet\u00bb max_width=\u00bb100%\u00bb custom_margin=\u00bb0px||0px||true|false\u00bb custom_padding=\u00bb2.5%||2.5%||false|false\u00bb custom_padding_tablet=\u00bb2.5%||2.5%||false|false\u00bb custom_padding_phone=\u00bb10%||10%||false|false\u00bb animation_style=\u00bbfade\u00bb animation_duration=\u00bb2000ms\u00bb locked=\u00bboff\u00bb global_colors_info=\u00bb{}\u00bb custom_css_main_element_last_edited=\u00bboff|tablet\u00bb][et_pb_column type=\u00bb1_2&#8243; _builder_version=\u00bb4.21.2&#8243; _module_preset=\u00bbdefault\u00bb custom_padding=\u00bb|||3%|true|false\u00bb custom_padding_tablet=\u00bb7%||7%|3%|true|false\u00bb custom_padding_phone=\u00bb|||5%|true|false\u00bb custom_padding_last_edited=\u00bbon|phone\u00bb animation_style=\u00bbslide\u00bb animation_direction=\u00bbleft\u00bb animation_duration=\u00bb2000ms\u00bb animation_intensity_slide=\u00bb2%\u00bb border_width_left=\u00bb2px\u00bb border_color_left=\u00bb#A58036&#8243; global_colors_info=\u00bb{}\u00bb][et_pb_text _builder_version=\u00bb4.21.0&#8243; _module_preset=\u00bbdefault\u00bb text_orientation=\u00bbcenter\u00bb custom_margin=\u00bb||11px|||\u00bb global_colors_info=\u00bb{}\u00bb]<\/p>\n<h2 style=\"text-align: left;\">EL TRABAJO INICIADO Y DIRIGIDO POR PERSONAS QUE SON EL REFLEJO DE SUS COMUNIDADES<\/h2>\n<p>[\/et_pb_text][et_pb_text ul_item_indent=\u00bb7%\u00bb _builder_version=\u00bb4.21.0&#8243; _module_preset=\u00bbdefault\u00bb header_3_font=\u00bbMontserrat|800|||||||\u00bb header_3_text_color=\u00bb#181818&#8243; header_3_font_size=\u00bb20px\u00bb header_4_font=\u00bbPT Serif|700|||||||\u00bb custom_margin=\u00bb||30px||false|false\u00bb custom_margin_tablet=\u00bb||||false|false\u00bb custom_margin_phone=\u00bb||20px||false|false\u00bb custom_margin_last_edited=\u00bbon|phone\u00bb custom_padding=\u00bb||||false|false\u00bb custom_padding_tablet=\u00bb||||false|false\u00bb custom_padding_phone=\u00bb||0px||false|false\u00bb custom_padding_last_edited=\u00bbon|phone\u00bb locked=\u00bboff\u00bb global_colors_info=\u00bb{}\u00bb]<\/p>\n<p style=\"text-align: left;\">Evaluamos espec\u00edficamente si la junta directiva, la direcci\u00f3n ejecutiva y el personal de un grupo \u2013 o el liderazgo voluntario en el caso de las que no cuentan con personal remunerado \u2013 reflejan a las personas a las que sirven las organizaciones y de qu\u00e9 manera lo hacen. Buscamos financiar el trabajo realizado por y para personas BIPOC, LGBTQIA+, inmigrantes, personas con discapacidad, con bajos ingresos y aquellas que sufren los efectos combinados de la discapacidad, la desigualdad de g\u00e9nero y la discriminaci\u00f3n por edad.<\/p>\n<ul><\/ul>\n<p>[\/et_pb_text][\/et_pb_column][et_pb_column type=\u00bb1_2&#8243; _builder_version=\u00bb4.21.2&#8243; _module_preset=\u00bbdefault\u00bb background_enable_color=\u00bboff\u00bb background_enable_image=\u00bboff\u00bb custom_padding=\u00bb||||true|false\u00bb global_colors_info=\u00bb{}\u00bb][et_pb_image src=\u00bbhttps:\/\/inatai.org\/wp-content\/uploads\/2023\/08\/Center4RR_DancingChatting2.jpg\u00bb alt=\u00bbA multiracial group of adults of varying ages standing in a circle at a park and talking.\u00bb title_text=\u00bbCenter4RR_DancingChatting2&#8243; _builder_version=\u00bb4.22.1&#8243; _module_preset=\u00bbdefault\u00bb custom_margin=\u00bb||30px|||\u00bb global_colors_info=\u00bb{}\u00bb][\/et_pb_image][et_pb_text _builder_version=\u00bb4.22.1&#8243; _module_preset=\u00bbdefault\u00bb locked=\u00bboff\u00bb global_colors_info=\u00bb{}\u00bb]<\/p>\n<p style=\"text-align: left;\"><em>Foto cortes\u00eda de Center for Rest and Restoration.<\/em><\/p>\n<p>[\/et_pb_text][\/et_pb_column][\/et_pb_row][et_pb_row column_structure=\u00bb1_2,1_2&#8243; use_custom_gutter=\u00bbon\u00bb make_equal=\u00bbon\u00bb module_id=\u00bbadvancing\u00bb _builder_version=\u00bb4.21.2&#8243; _module_preset=\u00bbdefault\u00bb width=\u00bb90%\u00bb width_tablet=\u00bb90%\u00bb width_phone=\u00bb90%\u00bb width_last_edited=\u00bbon|tablet\u00bb max_width=\u00bb100%\u00bb custom_margin=\u00bb0px||0px||true|false\u00bb custom_padding=\u00bb2.5%||5%||false|false\u00bb animation_style=\u00bbfade\u00bb animation_duration=\u00bb2000ms\u00bb locked=\u00bboff\u00bb global_colors_info=\u00bb{}\u00bb][et_pb_column type=\u00bb1_2&#8243; _builder_version=\u00bb4.21.2&#8243; _module_preset=\u00bbdefault\u00bb background_enable_color=\u00bboff\u00bb background_enable_image=\u00bboff\u00bb custom_padding=\u00bb||||true|false\u00bb animation_style=\u00bbfade\u00bb animation_duration=\u00bb2000ms\u00bb global_colors_info=\u00bb{}\u00bb][et_pb_image src=\u00bbhttps:\/\/inatai.org\/wp-content\/uploads\/2023\/08\/Courtesy-of-Super-Familia.jpg\u00bb alt=\u00bbA group of community members, both children and adults, standing in the circle in a parking lot with hand-painted signs in the background.\u00bb title_text=\u00bbCourtesy of Super Familia\u00bb _builder_version=\u00bb4.22.1&#8243; _module_preset=\u00bbdefault\u00bb custom_margin=\u00bb||29px|||\u00bb global_colors_info=\u00bb{}\u00bb][\/et_pb_image][et_pb_text _builder_version=\u00bb4.22.1&#8243; _module_preset=\u00bbdefault\u00bb locked=\u00bboff\u00bb global_colors_info=\u00bb{}\u00bb]<\/p>\n<p style=\"text-align: right;\"><em>Foto cortes\u00eda de Super Familia. <\/em><\/p>\n<p>[\/et_pb_text][\/et_pb_column][et_pb_column type=\u00bb1_2&#8243; _builder_version=\u00bb4.21.2&#8243; _module_preset=\u00bbdefault\u00bb custom_padding=\u00bb|||3%|true|false\u00bb custom_padding_tablet=\u00bb7%||7%|3%|true|false\u00bb custom_padding_phone=\u00bb|||5%|true|false\u00bb custom_padding_last_edited=\u00bbon|phone\u00bb animation_style=\u00bbslide\u00bb animation_direction=\u00bbright\u00bb animation_duration=\u00bb2000ms\u00bb animation_intensity_slide=\u00bb2%\u00bb border_width_left=\u00bb2px\u00bb border_color_left=\u00bb#A58036&#8243; global_colors_info=\u00bb{}\u00bb][et_pb_text _builder_version=\u00bb4.21.0&#8243; _module_preset=\u00bbdefault\u00bb text_orientation=\u00bbcenter\u00bb custom_margin=\u00bb||11px|||\u00bb global_colors_info=\u00bb{}\u00bb]<\/p>\n<h2 style=\"text-align: left;\">LOS GRUPOS QUE EST\u00c1N CONSTRUYENDO EL PODER DE LA COMUNIDAD PARA AVANZAR EN LA EQUIDAD Y LA JUSTICIA RACIAL<\/h2>\n<p>[\/et_pb_text][et_pb_text _builder_version=\u00bb4.21.0&#8243; _module_preset=\u00bbdefault\u00bb header_3_font=\u00bbMontserrat|800|||||||\u00bb header_3_text_color=\u00bb#181818&#8243; header_3_font_size=\u00bb20px\u00bb header_4_font=\u00bbPT Serif|700|||||||\u00bb custom_margin=\u00bb||30px||false|false\u00bb custom_margin_tablet=\u00bb||32px||false|false\u00bb custom_margin_phone=\u00bb||22px||false|false\u00bb custom_margin_last_edited=\u00bbon|phone\u00bb custom_padding=\u00bb||||false|false\u00bb locked=\u00bboff\u00bb global_colors_info=\u00bb{}\u00bb]<\/p>\n<p style=\"text-align: left;\">Queremos apoyar a las organizaciones que se centran en reunir a la gente para imaginar y definir una visi\u00f3n y un prop\u00f3sito colectivos, y que se comprometen a desarrollar prioridades definidas por la comunidad y a actuar en consecuencia. Siempre que promueva la justicia racial y la equidad en Washington, el trabajo puede consistir en movilizar a personas y organizaciones para el cambio de pol\u00edticas, desarrollar l\u00edderes comunitarios y pol\u00edticos, crear riqueza generacional compartida, animar la participaci\u00f3n de los votantes, recuperar pr\u00e1cticas culturales, fomentar la conexi\u00f3n, liderar esfuerzos contra el racismo y muchas otras formas en que las comunidades expresan su poder.<\/p>\n<p>[\/et_pb_text][\/et_pb_column][\/et_pb_row][\/et_pb_section][et_pb_section fb_built=\u00bb1&#8243; custom_padding_last_edited=\u00bbon|tablet\u00bb admin_label=\u00bbTBVS &#8211; Light &#8211; Content 8&#8243; module_id=\u00bbgranteeprocess\u00bb module_class=\u00bbtbvs-section-light\u00bb _builder_version=\u00bb4.21.0&#8243; _module_preset=\u00bbdefault\u00bb background_color=\u00bb#DDDDDD\u00bb custom_padding=\u00bb5%||4%||false|false\u00bb custom_padding_tablet=\u00bb7%||7%||true|false\u00bb custom_padding_phone=\u00bb10%||5%||false|false\u00bb locked=\u00bboff\u00bb global_colors_info=\u00bb{}\u00bb][et_pb_row module_id=\u00bbgrantmaking\u00bb _builder_version=\u00bb4.21.0&#8243; _module_preset=\u00bbdefault\u00bb width_tablet=\u00bb90%\u00bb width_phone=\u00bb90%\u00bb width_last_edited=\u00bbon|tablet\u00bb max_width=\u00bb800px\u00bb custom_padding=\u00bb0px||0%||false|false\u00bb animation_style=\u00bbslide\u00bb animation_direction=\u00bbbottom\u00bb animation_duration=\u00bb2000ms\u00bb animation_intensity_slide=\u00bb2%\u00bb locked=\u00bboff\u00bb global_colors_info=\u00bb{}\u00bb width__hover_enabled=\u00bboff|desktop\u00bb][et_pb_column type=\u00bb4_4&#8243; _builder_version=\u00bb4.20.1&#8243; _module_preset=\u00bbdefault\u00bb global_colors_info=\u00bb{}\u00bb][et_pb_text _builder_version=\u00bb4.20.1&#8243; _module_preset=\u00bbdefault\u00bb text_orientation=\u00bbcenter\u00bb custom_margin=\u00bb||6px|||\u00bb custom_padding=\u00bb||8px|||\u00bb global_colors_info=\u00bb{}\u00bb]<\/p>\n<h2 style=\"text-align: left;\">Compromiso de accesibilidad<\/h2>\n<p>[\/et_pb_text][et_pb_divider color=\u00bb#A58036&#8243; divider_weight=\u00bb2px\u00bb _builder_version=\u00bb4.21.0&#8243; _module_preset=\u00bbdefault\u00bb min_height=\u00bb47.8px\u00bb custom_margin=\u00bb||0px||false|false\u00bb custom_padding=\u00bb||0px||false|false\u00bb custom_padding_tablet=\u00bb||2px||false|false\u00bb custom_padding_phone=\u00bb||0px||false|false\u00bb custom_padding_last_edited=\u00bbon|phone\u00bb locked=\u00bboff\u00bb global_colors_info=\u00bb{}\u00bb][\/et_pb_divider][et_pb_text ul_item_indent=\u00bb7%\u00bb _builder_version=\u00bb4.21.0&#8243; _module_preset=\u00bbdefault\u00bb link_font=\u00bb||||on||||\u00bb link_text_color=\u00bb#3A5D60&#8243; header_3_font=\u00bbMontserrat|800|||||||\u00bb header_3_text_color=\u00bb#181818&#8243; header_3_font_size=\u00bb20px\u00bb header_4_font=\u00bbPT Serif|700|||||||\u00bb custom_margin=\u00bb0px||0px||false|false\u00bb custom_margin_tablet=\u00bb||||false|false\u00bb custom_margin_phone=\u00bb||20px||false|false\u00bb custom_margin_last_edited=\u00bbon|phone\u00bb custom_padding=\u00bb||0px||false|false\u00bb custom_padding_tablet=\u00bb||||false|false\u00bb custom_padding_phone=\u00bb||0px||false|false\u00bb custom_padding_last_edited=\u00bbon|phone\u00bb locked=\u00bboff\u00bb global_colors_info=\u00bb{}\u00bb link_text_color__hover_enabled=\u00bbon|desktop\u00bb link_text_color__hover=\u00bb#A58036&#8243;]<\/p>\n<p><span data-contrast=\"none\">Nos comprometemos a que el proceso de solicitud est\u00e9 disponible en idiomas distintos del ingl\u00e9s y para las personas con discapacidad. Tambi\u00e9n nos entusiasma trabajar con organizaciones que son nuevas para nosotros. Para ello, ponemos a tu disposici\u00f3n:<\/span><span data-ccp-props=\"{}\"> <\/span><\/p>\n<ul>\n<li data-leveltext=\"\uf0b7\" data-font=\"Symbol\" data-listid=\"1\" data-list-defn-props=\"{\" 335552541=\"\" :1=\"\" 335559684=\"\" :-2=\"\" 335559685=\"\" :720=\"\" 335559991=\"\" :360=\"\" 469769226=\"\" :=\"\" symbol=\"\" 469769242=\"\" 8226=\"\" 469777803=\"\" left=\"\" 469777804=\"\" 469777815=\"\" hybridmultilevel=\"\" aria-setsize=\"-1\" data-aria-posinset=\"1\" data-aria-level=\"1\"><span data-contrast=\"none\">Servicios de interpretaci\u00f3n y traducci\u00f3n (incluidos ASL y\/o CART)<\/span><span data-contrast=\"none\">,<\/span><span data-ccp-props=\"{}\"> <\/span><\/li>\n<li data-leveltext=\"\uf0b7\" data-font=\"Symbol\" data-listid=\"1\" data-list-defn-props=\"{\" 335552541=\"\" :1=\"\" 335559684=\"\" :-2=\"\" 335559685=\"\" :720=\"\" 335559991=\"\" :360=\"\" 469769226=\"\" :=\"\" symbol=\"\" 469769242=\"\" 8226=\"\" 469777803=\"\" left=\"\" 469777804=\"\" 469777815=\"\" hybridmultilevel=\"\" aria-setsize=\"-1\" data-aria-posinset=\"1\" data-aria-level=\"1\"><span data-contrast=\"none\">Instrucciones y solicitudes en letra grande<\/span><span data-contrast=\"none\">,<\/span><span data-ccp-props=\"{}\"> <\/span><\/li>\n<li data-leveltext=\"\uf0b7\" data-font=\"Symbol\" data-listid=\"1\" data-list-defn-props=\"{\" 335552541=\"\" :1=\"\" 335559684=\"\" :-2=\"\" 335559685=\"\" :720=\"\" 335559991=\"\" :360=\"\" 469769226=\"\" :=\"\" symbol=\"\" 469769242=\"\" 8226=\"\" 469777803=\"\" left=\"\" 469777804=\"\" 469777815=\"\" hybridmultilevel=\"\" aria-setsize=\"-1\" data-aria-posinset=\"1\" data-aria-level=\"1\"><span data-contrast=\"none\">M\u00e9todos de solicitud alternativos, tales como tel\u00e9fono, v\u00eddeo o grabaci\u00f3n de voz y en papel.<\/span><span data-ccp-props=\"{}\"><\/span><span data-contrast=\"none\"><\/span><span data-ccp-props=\"{}\"> <\/span><\/li>\n<\/ul>\n<ul><\/ul>\n<p><span data-contrast=\"none\">Comun\u00edcate con nosotros en <\/span> <a href=\"mailto:grants@inatai.org\"><b><span data-contrast=\"none\">grants@inatai.org<\/span><\/b><\/a> <span data-contrast=\"none\">o al <\/span><a href=\"tel:866.389.5532\"><b><span data-contrast=\"none\">866.389.5532<\/span><\/b><\/a><span data-contrast=\"none\"> si necesitas uno de estos u otro servicio, y haremos todo lo posible por proporcion\u00e1rtelo. Sabemos que solicitar estos servicios requiere tiempo, confianza y esfuerzo, y te agradecemos que compartas con nosotros la manera en la que podemos hacer que este proceso funcione para ti.<\/span><\/p>\n<p>[\/et_pb_text][\/et_pb_column][\/et_pb_row][\/et_pb_section][et_pb_section fb_built=\u00bb1&#8243; custom_padding_last_edited=\u00bbon|phone\u00bb admin_label=\u00bbTBVS &#8211; Light &#8211; Content 8&#8243; module_class=\u00bbtbvs-section-light\u00bb _builder_version=\u00bb4.27.5&#8243; _module_preset=\u00bbdefault\u00bb custom_padding=\u00bb5%||1.4%||false|false\u00bb custom_padding_tablet=\u00bb5%||1.4%||false|false\u00bb custom_padding_phone=\u00bb10%||1.4%||false|false\u00bb hover_enabled=\u00bb0&#8243; global_colors_info=\u00bb{}\u00bb disabled_on=\u00bbon|on|on\u00bb disabled=\u00bbon\u00bb sticky_enabled=\u00bb0&#8243;][et_pb_row module_id=\u00bborganizations\u00bb _builder_version=\u00bb4.22.1&#8243; _module_preset=\u00bbdefault\u00bb width_tablet=\u00bb90%\u00bb width_phone=\u00bb90%\u00bb width_last_edited=\u00bbon|tablet\u00bb max_width=\u00bb800px\u00bb custom_padding=\u00bb0px||0px||false|false\u00bb animation_style=\u00bbslide\u00bb animation_direction=\u00bbbottom\u00bb animation_duration=\u00bb2000ms\u00bb animation_intensity_slide=\u00bb2%\u00bb locked=\u00bboff\u00bb global_colors_info=\u00bb{}\u00bb width__hover_enabled=\u00bboff|desktop\u00bb][et_pb_column type=\u00bb4_4&#8243; _builder_version=\u00bb4.20.1&#8243; _module_preset=\u00bbdefault\u00bb global_colors_info=\u00bb{}\u00bb][et_pb_text _builder_version=\u00bb4.20.1&#8243; _module_preset=\u00bbdefault\u00bb text_orientation=\u00bbcenter\u00bb custom_margin=\u00bb||6px|||\u00bb custom_padding=\u00bb||8px|||\u00bb global_colors_info=\u00bb{}\u00bb]<\/p>\n<h2 style=\"text-align: left;\">Organizaciones a las que apoyamos<\/h2>\n<p>[\/et_pb_text][et_pb_divider color=\u00bb#A58036&#8243; divider_weight=\u00bb2px\u00bb _builder_version=\u00bb4.20.1&#8243; _module_preset=\u00bbdefault\u00bb custom_margin=\u00bb||0px||false|false\u00bb custom_padding=\u00bb||2px||false|false\u00bb locked=\u00bboff\u00bb global_colors_info=\u00bb{}\u00bb][\/et_pb_divider][et_pb_text ul_item_indent=\u00bb7%\u00bb _builder_version=\u00bb4.21.0&#8243; _module_preset=\u00bbdefault\u00bb header_3_font=\u00bbMontserrat|800|||||||\u00bb header_3_text_color=\u00bb#181818&#8243; header_3_font_size=\u00bb20px\u00bb header_4_font=\u00bbPT Serif|700|||||||\u00bb custom_margin=\u00bb||0px||false|false\u00bb custom_margin_tablet=\u00bb||||false|false\u00bb custom_margin_phone=\u00bb||20px||false|false\u00bb custom_margin_last_edited=\u00bbon|phone\u00bb custom_padding=\u00bb||||false|false\u00bb custom_padding_tablet=\u00bb||||false|false\u00bb custom_padding_phone=\u00bb||0px||false|false\u00bb custom_padding_last_edited=\u00bbon|phone\u00bb locked=\u00bboff\u00bb global_colors_info=\u00bb{}\u00bb]<\/p>\n<p style=\"text-align: left;\">Estas son tres de las muchas organizaciones a las que apoyamos con subvenciones para el aprendizaje comunitario.<\/p>\n<ul><\/ul>\n<p>[\/et_pb_text][et_pb_button button_url=\u00bb@ET-DC@eyJkeW5hbWljIjp0cnVlLCJjb250ZW50IjoicG9zdF9saW5rX3VybF9wYWdlIiwic2V0dGluZ3MiOnsicG9zdF9pZCI6IjI0NjUifX0=@\u00bb button_text=\u00bbCONSULTA NUESTRO DIRECTORIO DE BENEFICIARIOS\u00bb button_alignment=\u00bbleft\u00bb button_alignment_tablet=\u00bbleft\u00bb button_alignment_phone=\u00bbleft\u00bb button_alignment_last_edited=\u00bbon|tablet\u00bb _builder_version=\u00bb4.22.1&#8243; _dynamic_attributes=\u00bbbutton_url\u00bb _module_preset=\u00bbdefault\u00bb custom_margin_tablet=\u00bb\u00bb custom_margin_phone=\u00bb||30px||false|false\u00bb custom_margin_last_edited=\u00bbon|phone\u00bb locked=\u00bboff\u00bb global_colors_info=\u00bb{}\u00bb][\/et_pb_button][\/et_pb_column][\/et_pb_row][et_pb_row column_structure=\u00bb1_3,1_3,1_3&#8243; make_equal=\u00bbon\u00bb custom_padding_last_edited=\u00bbon|phone\u00bb _builder_version=\u00bb4.22.1&#8243; _module_preset=\u00bbdefault\u00bb background_enable_color=\u00bboff\u00bb width=\u00bb90%\u00bb max_width=\u00bb100%\u00bb custom_padding=\u00bb3%||1%||false|false\u00bb custom_padding_tablet=\u00bb6%||2%||false|false\u00bb custom_padding_phone=\u00bb5%||||false|false\u00bb global_colors_info=\u00bb{}\u00bb][et_pb_column type=\u00bb1_3&#8243; _builder_version=\u00bb4.22.1&#8243; _module_preset=\u00bbdefault\u00bb background_color=\u00bb#3A5D60&#8243; custom_padding=\u00bb30px|30px|30px|30px|true|true\u00bb global_colors_info=\u00bb{}\u00bb][et_pb_image src=\u00bbhttps:\/\/inatai.org\/wp-content\/uploads\/2023\/09\/Washington_Ethnic_Studies_Photo2.jpg\u00bb alt=\u00bbWashington Ethnic Studies Photo\u00bb title_text=\u00bbWashington_Ethnic_Studies_Photo2&#8243; _builder_version=\u00bb4.22.1&#8243; _module_preset=\u00bbdefault\u00bb global_colors_info=\u00bb{}\u00bb][\/et_pb_image][et_pb_text _builder_version=\u00bb4.22.1&#8243; _module_preset=\u00bbdefault\u00bb text_text_color=\u00bb#FFFFFF\u00bb link_font=\u00bb|800|||||||\u00bb link_text_color=\u00bb#CEE1CE\u00bb link_font_size=\u00bb20px\u00bb header_3_font=\u00bbGeorgia|600|||||||\u00bb header_3_text_color=\u00bb#FFFFFF\u00bb header_3_font_size=\u00bb18px\u00bb global_colors_info=\u00bb{}\u00bb link_text_color__hover_enabled=\u00bbon|desktop\u00bb link_text_color__hover=\u00bb#A58036&#8243;]<\/p>\n<h3>Washington Ethnic Studies Now<\/h3>\n<p>Washington Ethnic Studies Now es una organizaci\u00f3n sin fines de lucro, formada en 2019 para apoyar la implementaci\u00f3n de estudios \u00e9tnicos en todo el estado. Esperan garantizar que los principios de los estudios \u00e9tnicos se ense\u00f1en en todos los salones de clases de Washington, a trav\u00e9s de educadores antirracistas enfocados en las experiencias de las personas BIPOC.<\/p>\n<p><a href=\"https:\/\/waethnicstudies.com\/\" target=\"_blank\" rel=\"noopener\">LEER M\u00c1S<\/a><\/p>\n<p>[\/et_pb_text][\/et_pb_column][et_pb_column type=\u00bb1_3&#8243; _builder_version=\u00bb4.22.1&#8243; _module_preset=\u00bbdefault\u00bb background_color=\u00bb#3A5D60&#8243; custom_padding=\u00bb30px|30px|30px|30px|true|true\u00bb global_colors_info=\u00bb{}\u00bb][et_pb_image src=\u00bbhttps:\/\/inatai.org\/wp-content\/uploads\/2023\/09\/Color_Our_Communities_On_Awareness_Photo.jpg\u00bb alt=\u00bbColor Our Communities On Awareness Photo\u00bb title_text=\u00bbColor_Our_Communities_On_Awareness_Photo\u00bb _builder_version=\u00bb4.22.1&#8243; _module_preset=\u00bbdefault\u00bb global_colors_info=\u00bb{}\u00bb][\/et_pb_image][et_pb_text _builder_version=\u00bb4.22.1&#8243; _module_preset=\u00bbdefault\u00bb text_text_color=\u00bb#FFFFFF\u00bb link_font=\u00bb|800|||||||\u00bb link_text_color=\u00bb#CEE1CE\u00bb link_font_size=\u00bb20px\u00bb header_3_font=\u00bbGeorgia|600|||||||\u00bb header_3_text_color=\u00bb#FFFFFF\u00bb header_3_font_size=\u00bb18px\u00bb global_colors_info=\u00bb{}\u00bb link_text_color__hover_enabled=\u00bbon|desktop\u00bb link_text_color__hover=\u00bb#A58036&#8243;]<\/p>\n<h3>Color Our Community On Awareness<\/h3>\n<p>COCOA busca amplificar voces de las personas melanated a trav\u00e9s de la alegr\u00eda, el arte y la literatura en el valle de Walla Walla. Esperan crear conciencia en su comunidad sobre la diversidad ya existente. Est\u00e1n trabajando para construir una comunidad que d\u00e9 la bienvenida a la diversidad como parte del complejo y hermoso dise\u00f1o del sureste de Washington.<\/p>\n<p><a href=\"https:\/\/www.cocoaww.org\/\" target=\"_blank\" rel=\"noopener\">LEER M\u00c1S<\/a><\/p>\n<p>[\/et_pb_text][\/et_pb_column][et_pb_column type=\u00bb1_3&#8243; _builder_version=\u00bb4.22.1&#8243; _module_preset=\u00bbdefault\u00bb background_color=\u00bb#3A5D60&#8243; custom_padding=\u00bb30px|30px|30px|30px|true|true\u00bb global_colors_info=\u00bb{}\u00bb][et_pb_image src=\u00bbhttps:\/\/inatai.org\/wp-content\/uploads\/2023\/09\/Black_Healing_Fund_Photo.jpg\u00bb alt=\u00bbBlack Healing Fund Photo\u00bb title_text=\u00bbBlack_Healing_Fund_Photo\u00bb _builder_version=\u00bb4.22.1&#8243; _module_preset=\u00bbdefault\u00bb global_colors_info=\u00bb{}\u00bb][\/et_pb_image][et_pb_text _builder_version=\u00bb4.22.1&#8243; _module_preset=\u00bbdefault\u00bb text_text_color=\u00bb#FFFFFF\u00bb link_font=\u00bb|800|||||||\u00bb link_text_color=\u00bb#CEE1CE\u00bb link_font_size=\u00bb20px\u00bb header_3_font=\u00bbGeorgia|600|||||||\u00bb header_3_text_color=\u00bb#FFFFFF\u00bb header_3_font_size=\u00bb18px\u00bb global_colors_info=\u00bb{}\u00bb link_text_color__hover_enabled=\u00bbon|desktop\u00bb link_text_color__hover=\u00bb#A58036&#8243;]<\/p>\n<h3>Black Healing Fund<\/h3>\n<p>Black Healing Fund es una organizaci\u00f3n fundada y dirigida por negros con sede en Lake Stevens. Proporciona servicios de asistencia para atender y apoyar a los miembros de la comunidad necesitados que se identifican como personas de raza negra, africana y afroamericana, y que son residentes del condado de Snohomish.<\/p>\n<p><a href=\"https:\/\/www.blackhealingfund.org\/\" target=\"_blank\" rel=\"noopener\">LEER M\u00c1S<\/a><\/p>\n<p>[\/et_pb_text][\/et_pb_column][\/et_pb_row][et_pb_row _builder_version=\u00bb4.21.0&#8243; _module_preset=\u00bbdefault\u00bb width=\u00bb90%\u00bb max_width=\u00bb100%\u00bb custom_margin_tablet=\u00bb\u00bb custom_margin_phone=\u00bb||-20px||false|false\u00bb custom_margin_last_edited=\u00bbon|phone\u00bb custom_padding=\u00bb3%||0px||false|false\u00bb locked=\u00bboff\u00bb global_colors_info=\u00bb{}\u00bb][et_pb_column type=\u00bb4_4&#8243; _builder_version=\u00bb4.21.0&#8243; _module_preset=\u00bbdefault\u00bb global_colors_info=\u00bb{}\u00bb][et_pb_blog fullwidth=\u00bboff\u00bb posts_number=\u00bb3&#8243; include_categories=\u00bb41&#8243; excerpt_length=\u00bb140&#8243; show_more=\u00bbon\u00bb show_author=\u00bboff\u00bb show_date=\u00bboff\u00bb show_categories=\u00bboff\u00bb show_pagination=\u00bboff\u00bb masonry_tile_background_color=\u00bb#3A5D60&#8243; disabled_on=\u00bbon|on|on\u00bb module_class=\u00bbeven-columns\u00bb _builder_version=\u00bb4.22.1&#8243; _module_preset=\u00bbdefault\u00bb header_level=\u00bbh3&#8243; header_font=\u00bbPT Serif|700|||||||\u00bb header_text_color=\u00bb#FFFFFF\u00bb header_font_size=\u00bb18px\u00bb header_line_height=\u00bb1.4em\u00bb body_font=\u00bbSofia Sans||||||||\u00bb body_text_color=\u00bb#FFFFFF\u00bb read_more_font=\u00bb|800||on|||||\u00bb read_more_text_color=\u00bb#CEE1CE\u00bb read_more_font_size=\u00bb19px\u00bb read_more_line_height=\u00bb2em\u00bb width=\u00bb99%\u00bb custom_margin=\u00bb||||false|false\u00bb custom_padding=\u00bb||||false|false\u00bb border_width_all=\u00bb30px\u00bb border_color_all=\u00bb#3A5D60&#8243; border_width_bottom=\u00bb5px\u00bb disabled=\u00bbon\u00bb locked=\u00bboff\u00bb global_colors_info=\u00bb{}\u00bb read_more_text_color__hover_enabled=\u00bbon|desktop\u00bb read_more_text_color__hover=\u00bb#A58036&#8243; read_more_font_size__hover_enabled=\u00bboff|hover\u00bb read_more_font_size__hover=\u00bb18px\u00bb masonry_tile_background_color__hover_enabled=\u00bbon|desktop\u00bb border_color_all__hover_enabled=\u00bbon|desktop\u00bb border_color_all__hover=\u00bb#3A5D60&#8243; masonry_tile_background_color__hover=\u00bb#3A5D60&#8243;][\/et_pb_blog][\/et_pb_column][\/et_pb_row][\/et_pb_section][et_pb_section fb_built=\u00bb1&#8243; custom_padding_last_edited=\u00bbon|phone\u00bb _builder_version=\u00bb4.21.0&#8243; _module_preset=\u00bbdefault\u00bb custom_padding=\u00bb2.5%||4%||false|false\u00bb custom_padding_tablet=\u00bb5%||4%||false|false\u00bb custom_padding_phone=\u00bb10%||7%||false|false\u00bb global_colors_info=\u00bb{}\u00bb][et_pb_row module_id=\u00bbfrequently\u00bb _builder_version=\u00bb4.22.1&#8243; _module_preset=\u00bbdefault\u00bb width_tablet=\u00bb90%\u00bb width_phone=\u00bb90%\u00bb width_last_edited=\u00bbon|tablet\u00bb max_width=\u00bb800px\u00bb custom_padding=\u00bb0px||0%||false|false\u00bb animation_style=\u00bbslide\u00bb animation_direction=\u00bbbottom\u00bb animation_duration=\u00bb2000ms\u00bb animation_intensity_slide=\u00bb2%\u00bb locked=\u00bboff\u00bb global_colors_info=\u00bb{}\u00bb width__hover_enabled=\u00bboff|desktop\u00bb][et_pb_column type=\u00bb4_4&#8243; _builder_version=\u00bb4.20.1&#8243; _module_preset=\u00bbdefault\u00bb global_colors_info=\u00bb{}\u00bb][et_pb_text _builder_version=\u00bb4.21.0&#8243; _module_preset=\u00bbdefault\u00bb custom_margin=\u00bb||-1px|||\u00bb custom_padding=\u00bb||9px|||\u00bb global_colors_info=\u00bb{}\u00bb]<\/p>\n<h3 style=\"text-align: left;\">Preguntas frecuentes<\/h3>\n<p>[\/et_pb_text][et_pb_text _builder_version=\u00bb4.20.1&#8243; _module_preset=\u00bbdefault\u00bb text_orientation=\u00bbcenter\u00bb custom_margin=\u00bb||6px|||\u00bb custom_padding=\u00bb||8px|||\u00bb global_colors_info=\u00bb{}\u00bb]<\/p>\n<h2 style=\"text-align: left;\">PREGUNTAS FRECUENTES<\/h2>\n<p>[\/et_pb_text][et_pb_divider color=\u00bb#A58036&#8243; divider_weight=\u00bb2px\u00bb _builder_version=\u00bb4.21.0&#8243; _module_preset=\u00bbdefault\u00bb custom_margin=\u00bb||0px||false|false\u00bb custom_padding=\u00bb||2px||false|false\u00bb custom_padding_tablet=\u00bb||2px||false|false\u00bb custom_padding_phone=\u00bb||0px||false|false\u00bb custom_padding_last_edited=\u00bbon|phone\u00bb locked=\u00bboff\u00bb global_colors_info=\u00bb{}\u00bb][\/et_pb_divider][\/et_pb_column][\/et_pb_row][et_pb_row _builder_version=\u00bb4.22.2&#8243; _module_preset=\u00bbdefault\u00bb width_tablet=\u00bb\u00bb width_phone=\u00bb90%\u00bb width_last_edited=\u00bbon|phone\u00bb max_width=\u00bb1260px\u00bb custom_margin=\u00bb||0px||false|false\u00bb custom_padding=\u00bb||0px|||\u00bb animation_style=\u00bbfade\u00bb animation_duration=\u00bb2000ms\u00bb global_colors_info=\u00bb{}\u00bb][et_pb_column type=\u00bb4_4&#8243; _builder_version=\u00bb4.21.0&#8243; _module_preset=\u00bbdefault\u00bb global_colors_info=\u00bb{}\u00bb][dsm_faq dsm_accordion_gap=\u00bb18px\u00bb dsm_open_bg_color=\u00bbRGBA(255,255,255,0)\u00bb dsm_close_bg_color=\u00bbRGBA(255,255,255,0)\u00bb dsm_open_icon_bg_color=\u00bbRGBA(255,255,255,0)\u00bb dsm_open_icon_color=\u00bb#363960&#8243; dsm_close_icon_color=\u00bb#363960&#8243; dsm_open_font_size=\u00bb30px\u00bb dsm_close_font_size=\u00bb30px\u00bb dsm_animate_icon=\u00bbon\u00bb dsm_content_padding=\u00bb20px||||false|false\u00bb module_id=\u00bbinatai-faq\u00bb _builder_version=\u00bb4.24.0&#8243; _module_preset=\u00bbdefault\u00bb header_level=\u00bbh3&#8243; header_font=\u00bbSofia Sans Condensed|700|||||||\u00bb header_text_color=\u00bb#363960&#8243; header_font_size=\u00bb26px\u00bb header_line_height=\u00bb1.2em\u00bb content_font=\u00bbSofia Sans||||||||\u00bb content_text_color=\u00bb#132027&#8243; content_font_size=\u00bb16px\u00bb background_enable_color=\u00bboff\u00bb border_color_all=\u00bbRGBA(255,255,255,0)\u00bb border_color_top_dsm_toggle_open_border=\u00bbRGBA(255,255,255,0)\u00bb border_color_right_dsm_toggle_open_border=\u00bbRGBA(255,255,255,0)\u00bb border_color_left_dsm_toggle_open_border=\u00bbRGBA(255,255,255,0)\u00bb border_color_top_dsm_toggle_closed_border=\u00bbRGBA(255,255,255,0)\u00bb border_color_right_dsm_toggle_closed_border=\u00bbRGBA(255,255,255,0)\u00bb border_color_left_dsm_toggle_closed_border=\u00bbRGBA(255,255,255,0)\u00bb global_colors_info=\u00bb{}\u00bb][dsm_faq_child dsm_title=\u00bb\u00bfQui\u00e9nes son elegibles?\u00bb dsm_content=\u00bb<\/p>\n<p><span>Este a\u00f1o, Inatai Foundation se centrar\u00e1 en renovar la financiaci\u00f3n a organizaciones que est\u00e9n llegando al final de su anterior subvenci\u00f3n de Aprendizaje Comunitario. Las organizaciones y los proyectos patrocinados fiscalmente que re\u00fanan los requisitos para la renovaci\u00f3n recibir\u00e1n una invitaci\u00f3n directa de la fundaci\u00f3n para presentar su solicitud. Nos pondremos en contacto con un peque\u00f1o n\u00famero de posibles nuevos beneficiarios para que presenten solicitudes de subvenci\u00f3n, pero eso ser\u00e1 \u00fanicamente por invitaci\u00f3n.<\/span><\/p>\n<p>\u00bb dsm_open_image_width=\u00bb0px\u00bb _builder_version=\u00bb4.21.0&#8243; _module_preset=\u00bbdefault\u00bb background_enable_color=\u00bboff\u00bb border_width_bottom=\u00bb2px\u00bb border_color_bottom=\u00bb#A58036&#8243; border_color_all_dsm_image_open_border=\u00bbRGBA(255,255,255,0)\u00bb border_color_all_dsm_image_close_border=\u00bbRGBA(255,255,255,0)\u00bb global_colors_info=\u00bb{}\u00bb parentOrderClass=\u00bbdsm_faq_0&#8243;][\/dsm_faq_child][dsm_faq_child dsm_title=\u00bb\u00bfQu\u00e9 tipo de organizaciones o proyectos busca apoyar Inatai?\u00bb dsm_content=\u00bb<\/p>\n<p><span data-contrast=%22none%22>Damos prioridad al apoyar a aquellas organizaciones que:<\/span><span data-ccp-props=%22{}%22> <\/span><\/p>\n<ul>\n<li data-leveltext=%22\uf0b7%22 data-font=%22Symbol%22 data-listid=%221%22 data-list-defn-props=%22{%22 aria-setsize=%22-1%22 data-aria-posinset=%221%22 data-aria-level=%221%22><span data-contrast=%22none%22>Han sido ignoradas por la filantrop\u00eda y los financiadores institucionales, o han tenido un acceso limitado a ellos<\/span><span data-contrast=%22none%22>.<\/span><span data-ccp-props=%22{}%22> <\/span><\/li>\n<li data-leveltext=%22\uf0b7%22 data-font=%22Symbol%22 data-listid=%221%22 data-list-defn-props=%22{%22 aria-setsize=%22-1%22 data-aria-posinset=%222%22 data-aria-level=%221%22><span data-contrast=%22none%22>Est\u00e1n fundadas, dirigidas y gobernadas por personas que son el reflejo de sus comunidades<\/span><span data-contrast=%22none%22>.<\/span><span data-ccp-props=%22{}%22> <\/span><\/li>\n<li data-leveltext=%22\uf0b7%22 data-font=%22Symbol%22 data-listid=%221%22 data-list-defn-props=%22{%22 aria-setsize=%22-1%22 data-aria-posinset=%223%22 data-aria-level=%221%22><span data-contrast=%22none%22>Est\u00e1n construyendo el poder de la comunidad para promover la equidad y la justicia racial<\/span><span data-contrast=%22none%22>.<\/span><span data-ccp-props=%22{}%22> <\/span><\/li>\n<\/ul>\n<p>\u00bb _builder_version=\u00bb4.21.0&#8243; _module_preset=\u00bbdefault\u00bb border_width_bottom=\u00bb2px\u00bb border_color_bottom=\u00bb#A58036&#8243; global_colors_info=\u00bb{}\u00bb parentOrderClass=\u00bbdsm_faq_0&#8243;][\/dsm_faq_child][dsm_faq_child dsm_title=\u00bbSi me invitan, \u00bfc\u00f3mo puedo presentar la solicitud?\u00bb dsm_content=\u00bb<\/p>\n<p><span data-contrast=%22none%22>Las organizaciones y los proyectos patrocinados fiscalmente invitados a solicitar una subvenci\u00f3n de renovaci\u00f3n deber\u00e1n presentar una solicitud en la que se anima a las organizaciones a describir su misi\u00f3n, liderazgo y las aspiraciones que tienen para su comunidad. El m\u00e9todo preferido para presentar una solicitud es a trav\u00e9s de nuestro formulario de solicitud en l\u00ednea. Ten en cuenta que el formulario de solicitud en l\u00ednea te permite comenzar tu solicitud, guardar tu trabajo y volver a \u00e9l m\u00e1s tarde.<\/span><span data-ccp-props=%22{}%22> <\/span><\/p>\n<p><span data-contrast=%22none%22>Inatai Foundation se esfuerza por poner este proceso a disposici\u00f3n de las personas con discapacidad, las personas que se comunican en idiomas distintos del ingl\u00e9s y las organizaciones que son nuevas en el trabajo con la filantrop\u00eda u otros financiadores. Se anima a las organizaciones invitadas a solicitar ayuda para completar y enviar su solicitud, si necesitan un proceso de solicitud alternativo u otras adaptaciones. Para eso, puedes enviar un correo electr\u00f3nico a <\/span><a href=%22mailto:grants@inatai.org%22><b><span data-contrast=%22none%22>grants@inatai.org<\/span><\/b><\/a><span> <\/span><span data-contrast=%22none%22>o llamarnos al <\/span><a href=%22tel:886-389-5532%22><b><span data-contrast=%22none%22>866.389.5532<\/span><\/b><\/a><span> <\/span><span data-contrast=%22none%22>.<\/span><span data-ccp-props=%22{}%22> <\/span><\/p>\n<p>\u00bb _builder_version=\u00bb4.21.0&#8243; _module_preset=\u00bbdefault\u00bb border_width_bottom=\u00bb2px\u00bb border_color_bottom=\u00bb#A58036&#8243; global_colors_info=\u00bb{}\u00bb parentOrderClass=\u00bbdsm_faq_0&#8243;][\/dsm_faq_child][dsm_faq_child dsm_title=\u00bbEn la solicitud se utilizan los t\u00e9rminos %22interracial%22, %22multirracial%22 y %22multicultural%22. \u00bfC\u00f3mo los definen?\u00bb dsm_content=\u00bb<\/p>\n<p><span>Te invitamos a revisar las<\/span> <a href=%22https:\/\/inatai.org\/organizational-identities\/%22 data-et-target-link=%22_blank%22 rel=%22noopener%22>definiciones de nuestra<\/a><span> para aclarar los t\u00e9rminos y ayudarte a completar esta parte de la solicitud. Es muy importante que todos los solicitantes entiendan y utilicen estas definiciones con precisi\u00f3n cuando soliciten financiaci\u00f3n<\/span><\/p>\n<p>\u00bb _builder_version=\u00bb4.22.1&#8243; _module_preset=\u00bbdefault\u00bb border_width_bottom=\u00bb2px\u00bb border_color_bottom=\u00bb#A58036&#8243; global_colors_info=\u00bb{}\u00bb parentOrderClass=\u00bbdsm_faq_0&#8243;][\/dsm_faq_child][dsm_faq_child dsm_title=\u00bb\u00bfQu\u00e9 tipo de actividades se financian con estas subvenciones?\u00bb dsm_content=\u00bb<\/p>\n<p><span>Las subvenciones del Poder Comunitario proporcionan fondos de tres a\u00f1os sin restricciones cuyo fin es el de apoyar las operaciones cotidianas que entran dentro de la misi\u00f3n de una organizaci\u00f3n. Los beneficiarios pueden utilizar los fondos sin restricciones para pagar n\u00f3minas y gastos de personal, alquileres y proyectos de capital, programas, servicios u otros gastos sin limitaci\u00f3n alguna.<\/span><\/p>\n<p>\u00bb _builder_version=\u00bb4.21.0&#8243; _module_preset=\u00bbdefault\u00bb border_width_bottom=\u00bb2px\u00bb border_color_bottom=\u00bb#A58036&#8243; global_colors_info=\u00bb{}\u00bb parentOrderClass=\u00bbdsm_faq_0&#8243;][\/dsm_faq_child][dsm_faq_child dsm_title=\u00bb\u00bfQu\u00e9 es improbable que financien las subvenciones comunitarias?\u00bb dsm_content=\u00bb<\/p>\n<p><span data-contrast=%22none%22>Por lo general, no se espera que las subvenciones comunitarias financien los siguientes proyectos:<\/span><span data-ccp-props=%22{}%22> <\/span><\/p>\n<ul>\n<li data-leveltext=%22\uf0b7%22 data-font=%22Symbol%22 data-listid=%221%22 data-list-defn-props=%22{%22 aria-setsize=%22-1%22 data-aria-posinset=%221%22 data-aria-level=%221%22><span data-contrast=%22none%22>Organizaciones cuyo trabajo se centra exclusivamente en intervenciones individuales para abordar problemas sist\u00e9micos (por ejemplo, prestaci\u00f3n de servicios o atenci\u00f3n, programas de tutor\u00eda, \u00e9xito o logros individuales)<\/span><span data-contrast=%22none%22>.<\/span><span data-ccp-props=%22{}%22> <\/span><\/li>\n<li data-leveltext=%22\uf0b7%22 data-font=%22Symbol%22 data-listid=%221%22 data-list-defn-props=%22{%22 aria-setsize=%22-1%22 data-aria-posinset=%222%22 data-aria-level=%221%22><span data-contrast=%22none%22>Organizaciones y proyectos patrocinados fiscalmente que cuentan con importantes activos financieros e ingresos filantr\u00f3picos procedentes de fundaciones y donantes privados<\/span><span data-contrast=%22none%22>.<\/span><span data-ccp-props=%22{}%22> <\/span><\/li>\n<li data-leveltext=%22\uf0b7%22 data-font=%22Symbol%22 data-listid=%221%22 data-list-defn-props=%22{%22 aria-setsize=%22-1%22 data-aria-posinset=%223%22 data-aria-level=%221%22><span data-contrast=%22none%22>Organizaciones al servicio de la filantrop\u00eda, colaboraciones de financiadores y fondos de comunidades de inter\u00e9s (incluidos los albergados por organizaciones ben\u00e9ficas e instituciones de investigaci\u00f3n).<\/span><span data-ccp-props=%22{}%22> <\/span><\/li>\n<li data-leveltext=%22\uf0b7%22 data-font=%22Symbol%22 data-listid=%221%22 data-list-defn-props=%22{%22 aria-setsize=%22-1%22 data-aria-posinset=%223%22 data-aria-level=%221%22><span data-contrast=%22none%22>Esfuerzos partidistas o campa\u00f1a electoral, independientemente de la afiliaci\u00f3n partidista<\/span><span data-contrast=%22none%22>.<\/span><span data-ccp-props=%22{}%22> <\/span><\/li>\n<li data-leveltext=%22\uf0b7%22 data-font=%22Symbol%22 data-listid=%221%22 data-list-defn-props=%22{%22 aria-setsize=%22-1%22 data-aria-posinset=%223%22 data-aria-level=%221%22><span data-contrast=%22none%22>Departamentos espec\u00edficos, proyectos piloto o alg\u00fan componente de organizaciones m\u00e1s grandes (Nota: esto es distinto de los proyectos patrocinados fiscalmente)<\/span><span data-contrast=%22none%22>.<\/span><span data-ccp-props=%22{}%22> <\/span><\/li>\n<li data-leveltext=%22\uf0b7%22 data-font=%22Symbol%22 data-listid=%221%22 data-list-defn-props=%22{%22 aria-setsize=%22-1%22 data-aria-posinset=%223%22 data-aria-level=%221%22><span data-contrast=%22none%22>Grupos de partidarios, amigos, fans o padres de grupos afiliados a instituciones m\u00e1s grandes<\/span><span data-contrast=%22none%22>.<\/span><span data-ccp-props=%22{}%22> <\/span><\/li>\n<\/ul>\n<ul><\/ul>\n<p><span data-contrast=%22none%22>Las subvenciones del Poder Comunitario no apoyan a personas individuales (por ejemplo, becas y subvenciones), LLC, asociaciones o empresas similares. Tampoco apoyan a organizaciones que no sirvan principalmente a la poblaci\u00f3n de Washington y sus alrededores.<\/span><span data-ccp-props=%22{}%22> <\/span><\/p>\n<p><span data-contrast=%22none%22>Por \u00faltimo, nuestra filosof\u00eda rectora es que nuestras subvenciones no apoyen a organizaciones cuyo modelo sea hacer algo por y para las comunidades, es decir, grupos que no hayan sido creados, dirigidos, gobernados y gestionados por las personas a las que la organizaci\u00f3n pretende servir.<\/span><span data-ccp-props=%22{}%22> <\/span><\/p>\n<p>\u00bb _builder_version=\u00bb4.21.0&#8243; _module_preset=\u00bbdefault\u00bb border_width_bottom=\u00bb2px\u00bb border_color_bottom=\u00bb#A58036&#8243; global_colors_info=\u00bb{}\u00bb parentOrderClass=\u00bbdsm_faq_0&#8243;][\/dsm_faq_child][dsm_faq_child dsm_title=\u00bb\u00bfCu\u00e1ntas subvenciones de renovaci\u00f3n se conceder\u00e1n?\u00bb dsm_content=\u00bb<\/p>\n<p>In 2024, we expect to make renewal grants to approximately 75 organizations. Each grant is a three-year commitment of $225,000 in total funding, or $75,000 per year.<\/p>\n<p>\u00bb _builder_version=\u00bb4.24.0&#8243; _module_preset=\u00bbdefault\u00bb border_width_bottom=\u00bb2px\u00bb border_color_bottom=\u00bb#A58036&#8243; global_colors_info=\u00bb{}\u00bb parentOrderClass=\u00bbdsm_faq_0&#8243;][\/dsm_faq_child][dsm_faq_child dsm_title=\u00bb\u00bfInfluye la solicitud en mi petici\u00f3n de patrocinio?\u00bb dsm_content=\u00bb<\/p>\n<p><span>No. Consideramos los patrocinios por separado de las subvenciones del Poder Comunitario. Puedes solicitar ambas.<\/span><\/p>\n<p>\u00bb _builder_version=\u00bb4.21.0&#8243; _module_preset=\u00bbdefault\u00bb border_width_bottom=\u00bb2px\u00bb border_color_bottom=\u00bb#A58036&#8243; global_colors_info=\u00bb{}\u00bb parentOrderClass=\u00bbdsm_faq_0&#8243;][\/dsm_faq_child][dsm_faq_child dsm_title=\u00bbYa tienen archivados mis datos. \u00bfTengo que enviarlos de nuevo?\u00bb dsm_content=\u00bb<\/p>\n<p><span>S\u00ed. Debes proporcionar la informaci\u00f3n completa para cada solicitud que env\u00edes Disculpa las molestias que esto pueda ocasionar.<\/span><\/p>\n<p>\u00bb _builder_version=\u00bb4.21.0&#8243; _module_preset=\u00bbdefault\u00bb border_width_bottom=\u00bb2px\u00bb border_color_bottom=\u00bb#A58036&#8243; global_colors_info=\u00bb{}\u00bb parentOrderClass=\u00bbdsm_faq_0&#8243;][\/dsm_faq_child][dsm_faq_child dsm_title=\u00bb\u00bfPor qu\u00e9 pide informaci\u00f3n de identidad y demogr\u00e1fica? No tenemos (o no podemos recopilar) la informaci\u00f3n solicitada. \u00bfQu\u00e9 hacemos?\u00bb dsm_content=\u00bb<\/p>\n<p><span data-contrast=%22none%22>Recopilamos informaci\u00f3n sobre la raza y el origen \u00e9tnico, la identidad de g\u00e9nero y otros tipos de informaci\u00f3n para que podamos entender las formas en las que estamos \u2013 y no estamos \u2013 concediendo subvenciones que promueven nuestros objetivos de justicia racial y equidad. Nos comprometemos a financiar organizaciones fundadas, dirigidas y gobernadas por personas como las que atienden. Esperamos que los solicitantes vean esto como una oportunidad para reflexionar y celebrar su liderazgo e identidades organizativas.<\/span><span data-ccp-props=%22{}%22> <\/span><\/p>\n<p><span data-contrast=%22none%22>Pedimos que los solicitantes de subvenciones nos proporcionen, como m\u00ednimo, sus datos demogr\u00e1ficos de raza, etnia, discapacidad e identidad de g\u00e9nero. No podemos aceptar solicitudes sin esta informaci\u00f3n. Si estos campos est\u00e1n incompletos o son una representaci\u00f3n inexacta del liderazgo de una organizaci\u00f3n, descartaremos la solicitud. Hemos escrito a ese respecto <\/span><a href=%22https:\/\/inatai.org\/news\/why-we-ask-organizations-for-their-racial-identities\/%22><b><span data-contrast=%22none%22>aqui<\/span><\/b><\/a><span data-contrast=%22none%22>.<\/span><span data-ccp-props=%22{}%22> <\/span><\/p>\n<p><span data-contrast=%22none%22>Reconocemos que las organizaciones se encuentran en diferentes etapas en su trayecto para conseguir un liderazgo que sea un reflejo de su comunidad. Nos interesa saber por qu\u00e9 este trabajo es importante para su organizaci\u00f3n, los enfoques que est\u00e1 adoptando para lograr sus objetivos y en qu\u00e9 punto se encuentra su progreso. Si hay elementos de las preguntas sobre la identidad que no puede responder, o que suponen un obst\u00e1culo por razones culturales o de otro tipo, explique esos obst\u00e1culos en la solicitud. Las preguntas sobre la identidad pueden ser complejas y a veces vienen acompa\u00f1adas de un contexto que quiz\u00e1 no comprendamos del todo. Tambi\u00e9n reconocemos que compartir esta informaci\u00f3n requiere confianza y nos comprometemos a mantener en estricta confidencialidad toda la informaci\u00f3n que nos env\u00ede.<\/span><span data-ccp-props=%22{}%22> <\/span><\/p>\n<p>\u00bb _builder_version=\u00bb4.22.1&#8243; _module_preset=\u00bbdefault\u00bb border_width_bottom=\u00bb2px\u00bb border_color_bottom=\u00bb#A58036&#8243; global_colors_info=\u00bb{}\u00bb parentOrderClass=\u00bbdsm_faq_0&#8243;][\/dsm_faq_child][dsm_faq_child dsm_title=\u00bb\u00bfExisten instrucciones especiales para los patrocinadores fiscales o los proyectos patrocinados fiscalmente?\u00bb dsm_content=\u00bb<\/p>\n<p><span>Los patrocinadores fiscales deben ser capaces de proporcionar documentos que definan claramente las diferentes funciones y responsabilidades del patrocinador fiscal (por ejemplo, su supervisi\u00f3n legal, administrativa y financiera) frente al proyecto patrocinado (por ejemplo, la capacidad de ejercer una independencia razonable en los programas y prioridades). El patrocinador fiscal debe tener la capacidad de elaborar estados financieros e informes separados para cada proyecto que solicite financiaci\u00f3n. En general, esperamos que los proyectos patrocinados fiscalmente cuenten con personal de programa o l\u00edderes voluntarios diferenciados y un consejo asesor o comit\u00e9 directivo que gu\u00ede el proyecto (y sea independiente del consejo de administraci\u00f3n o del personal de la organizaci\u00f3n patrocinadora). Tambi\u00e9n esperamos que el proyecto tenga un nombre y una marca distintos de los de la organizaci\u00f3n patrocinadora.<\/span><\/p>\n<p>\u00bb _builder_version=\u00bb4.21.0&#8243; _module_preset=\u00bbdefault\u00bb border_width_bottom=\u00bb2px\u00bb border_color_bottom=\u00bb#A58036&#8243; global_colors_info=\u00bb{}\u00bb parentOrderClass=\u00bbdsm_faq_0&#8243;][\/dsm_faq_child][dsm_faq_child dsm_title=\u00bb\u00bfQu\u00e9 se exige a los beneficiarios una vez concedidos los fondos?\u00bb dsm_content=\u00bb<\/p>\n<p><span data-contrast=%22none%22>En los pr\u00f3ximos meses y a\u00f1os, seguiremos trabajando con usted para profundizar nuestra relaci\u00f3n, comprender mejor su trabajo y compartir informaci\u00f3n y conexiones con usted y con una creciente comunidad de organizaciones beneficiarias. Entre otras cosas, esto incluir\u00e1 lo siguiente:<\/span><span data-ccp-props=%22{}%22> <\/span><\/p>\n<ul>\n<li data-leveltext=%22\uf0b7%22 data-font=%22Symbol%22 data-listid=%221%22 data-list-defn-props=%22{%22 aria-setsize=%22-1%22 data-aria-posinset=%221%22 data-aria-level=%221%22><span data-contrast=%22none%22>Se le pedir\u00e1 que, una vez al a\u00f1o, presente breves informes narrativos e informes financieros est\u00e1ndar. Se le anima a enviar fotos e historias. \u00a1Se le anima a enviar fotos e historias!<\/span><span data-ccp-props=%22{}%22> <\/span><\/li>\n<li data-leveltext=%22\uf0b7%22 data-font=%22Symbol%22 data-listid=%221%22 data-list-defn-props=%22{%22 aria-setsize=%22-1%22 data-aria-posinset=%222%22 data-aria-level=%221%22><span data-contrast=%22none%22>Se les invitar\u00e1 a reuniones que organizaremos de vez en cuando, incluyendo reuniones individuales y de grupo en las que estableceremos conexiones, compartiremos informaci\u00f3n con los dem\u00e1s y juntos abordaremos los problemas. Nuestro objetivo es hacer que esas reuniones merezcan la pena. Cuando somos anfitriones, cubrimos el costo de su alojamiento, los gastos de viaje y las comidas.<\/span><span data-ccp-props=%22{}%22> <\/span><\/li>\n<\/ul>\n<p><span data-contrast=%22none%22>A lo largo de nuestra relaci\u00f3n, le pediremos que nos mantenga al tanto de los principales acontecimientos (por ejemplo, transiciones importantes de personal, cambios en la situaci\u00f3n fiscal, cuestiones legales o de comunicaci\u00f3n, cambios financieros, victorias importantes, etc.).<\/span><span data-ccp-props=%22{}%22> <\/span><\/p>\n<p>\u00bb _builder_version=\u00bb4.21.0&#8243; _module_preset=\u00bbdefault\u00bb border_width_bottom=\u00bb2px\u00bb border_color_bottom=\u00bb#A58036&#8243; global_colors_info=\u00bb{}\u00bb parentOrderClass=\u00bbdsm_faq_0&#8243;][\/dsm_faq_child][\/dsm_faq][\/et_pb_column][\/et_pb_row][\/et_pb_section]<\/p>\n","protected":false},"excerpt":{"rendered":"<p>FINANCIACI\u00d3N | RESUMEN DE SUBVENCIONES | Subvenciones de Poder ComunitarioSUBVENCIONES DE PODER COMUNITARIOThank you for your interest in this funding, formerly known as Community Learning Grants. Our focus at this time is on deepening our understanding of and relationships with current grantees and funding renewals for organizations whose grants are expiring. As a result, we are slowing down the pace of support for new organizations and accepting new proposals by invitation only. If you are a current grantee and have questions, please reach out to your program officer.Para estar al d\u00eda de nuestras subvenciones:Prioridades de financiaci\u00f3nInatai Foundation tiene el deseo de apoyar a los l\u00edderes y organizaciones de todo Washington que se centran en el poder de la comunidad, la equidad y la justicia racial. Contin\u00faa leyendo para conocer el tipo de organizaciones que nosgustar\u00eda apoyar.Ve a las siguientes secciones:COMPROMISO DE ACCESIBILIDAD Organizaciones a las que apoyamosPREGUNTAS FRECUENTESFoto cortes\u00eda de WA-BLOC.LOS GRUPOS QUE HAN TENIDO UN ACCESO LIMITADO A LA FILANTROP\u00cdANuestro inter\u00e9s se centra en las organizaciones arraigadas en comunidades racialmente diversas y que construyen poder en ellas, y que han recibido poca o ninguna inversi\u00f3n de parte de la filantrop\u00eda. Esto incluye organizaciones que trabajan con y entre comunidades [&hellip;]<\/p>\n","protected":false},"author":2,"featured_media":0,"parent":11090,"menu_order":0,"comment_status":"closed","ping_status":"closed","template":"","meta":{"_acf_changed":false,"_et_pb_use_builder":"on","_et_pb_old_content":"","_et_gb_content_width":"","inline_featured_image":false,"footnotes":""},"class_list":["post-11649","page","type-page","status-publish","hentry"],"acf":[],"_links":{"self":[{"href":"https:\/\/inatai.org\/es\/wp-json\/wp\/v2\/pages\/11649","targetHints":{"allow":["GET"]}}],"collection":[{"href":"https:\/\/inatai.org\/es\/wp-json\/wp\/v2\/pages"}],"about":[{"href":"https:\/\/inatai.org\/es\/wp-json\/wp\/v2\/types\/page"}],"author":[{"embeddable":true,"href":"https:\/\/inatai.org\/es\/wp-json\/wp\/v2\/users\/2"}],"replies":[{"embeddable":true,"href":"https:\/\/inatai.org\/es\/wp-json\/wp\/v2\/comments?post=11649"}],"version-history":[{"count":0,"href":"https:\/\/inatai.org\/es\/wp-json\/wp\/v2\/pages\/11649\/revisions"}],"up":[{"embeddable":true,"href":"https:\/\/inatai.org\/es\/wp-json\/wp\/v2\/pages\/11090"}],"wp:attachment":[{"href":"https:\/\/inatai.org\/es\/wp-json\/wp\/v2\/media?parent=11649"}],"curies":[{"name":"wp","href":"https:\/\/api.w.org\/{rel}","templated":true}]}}